{"id":3865,"date":"2024-07-29T11:30:21","date_gmt":"2024-07-29T09:30:21","guid":{"rendered":"https:\/\/www.stellinigroup.com\/brera-cafe\/"},"modified":"2025-02-19T09:59:02","modified_gmt":"2025-02-19T08:59:02","slug":"brera-cafe","status":"publish","type":"page","link":"https:\/\/www.stellinigroup.com\/it\/brera-cafe\/","title":{"rendered":"Brera Caf\u00e8"},"content":{"rendered":"<section class=\"l-section wpb_row us_custom_715de085 headertop-pages height_medium with_shape\"><div class=\"l-section-shape type_curve pos_bottom\" style=\"height:2vmin;\"><svg xmlns=\"http:\/\/www.w3.org\/2000\/svg\" viewBox=\"0 0 64 8\" preserveAspectRatio=\"none\" width=\"100%\" height=\"100%\">\r\n\t<path fill=\"currentColor\" d=\"M64 8 L64 0 Q32 15.8 0 0 L0 8 Z\"\/>\r\n<\/svg><\/div><div class=\"l-section-h i-cf\"><div class=\"g-cols vc_row via_flex valign_top type_default stacking_default\"><div class=\"vc_col-sm-12 wpb_column vc_column_container\"><div class=\"vc_column-inner\"><div class=\"wpb_wrapper\"><div class=\"w-separator size_custom\" style=\"height:5px\"><\/div><div class=\"wpb_text_column us_custom_612a8849 has_text_color\"><div class=\"wpb_wrapper\"><p style=\"text-align: center;\">Brera Caf\u00e8<\/p>\n<\/div><\/div><div class=\"w-separator size_small\"><\/div><div class=\"w-popup w-btn-wrapper align_center\"><button class=\"w-popup-trigger type_btn w-btn us-btn-style_5 icon_atright\" aria-label=\"Visualizza il catalogo in anteprima\" type=\"button\"><span class=\"w-btn-label\">Visualizza il catalogo in anteprima<\/span><i class=\"fas fa-arrow-to-bottom\"><\/i><\/button><div class=\"w-popup-overlay\" style=\"background:rgba(0,0,0,0.85);\"><\/div><div class=\"w-popup-wrap layout_fullscreen\" role=\"dialog\" aria-modal=\"true\" aria-label=\"Popup\" style=\"--title-color:var(--color-content-heading);--title-bg-color:;--content-color:var(--color-content-text);--content-bg-color:;--closer-color:#ffffff;--popup-width:100%;--popup-padding:5%;\"><button aria-label=\"Chiudi\" class=\"w-popup-closer\" type=\"button\"><\/button><div class=\"w-popup-box animation_fadeIn closerpos_outside without_title\"><div class=\"w-popup-box-h\"><div class=\"w-popup-box-content\"><div style=\"position: relative; padding-top: max(60%,324px); width: 100%; height: 0;\"><iframe style=\"position: absolute; border: none; width: 100%; height: 100%; left: 0; top: 0;\" src=\"https:\/\/online.fliphtml5.com\/kfwon\/rivb\/\" frameborder=\"0\" scrolling=\"no\" seamless=\"seamless\" allowfullscreen=\"allowfullscreen\"><\/iframe><\/div>\n<\/div><\/div><\/div><\/div><\/div><div class=\"w-separator size_large\"><\/div><\/div><\/div><\/div><\/div><\/div><\/section><section class=\"l-section wpb_row us_custom_4fb9e5a3 height_medium\"><div class=\"l-section-h i-cf\"><div class=\"g-cols vc_row via_flex valign_top type_default stacking_default\"><div class=\"vc_col-sm-12 wpb_column vc_column_container\"><div class=\"vc_column-inner\"><div class=\"wpb_wrapper\"><div class=\"w-separator size_small\"><\/div><div class=\"wpb_text_column miniscrittaoro\"><div class=\"wpb_wrapper\"><p style=\"text-align: center;\">Vi presentiamo il Brera Caf\u00e9<\/p>\n<\/div><\/div><div class=\"wpb_text_column us_custom_9a88828f\"><div class=\"wpb_wrapper\"><h2 style=\"text-align: center;\">Una svolta verso il colore nella collezione Brera<\/h2>\n<\/div><\/div><div class=\"w-separator size_small\"><\/div><div class=\"wpb_text_column us_custom_89902452\"><div class=\"wpb_wrapper\"><p style=\"text-align: center;\">Brera Caf\u00e9 rappresenta il nostro continuo viaggio nella produzione di materassi e tessuti per la casa di alta qualit\u00e0 ispirati all&#8217;estetica vintage, con squisiti tessuti jacquard e a maglia realizzati con filati naturali e misti.<\/p>\n<\/div><\/div><div class=\"w-separator size_huge\"><\/div><div class=\"w-video align_none has_iframe\"><div class=\"w-video-h\"><iframe title=\"Youtube video player\" src=\"\/\/www.youtube.com\/embed\/xx3DnYjdNyY?autoplay=0&controls=1&origin=https:\/\/www.stellinigroup.com\/it\/&loop=0&mute=0\" allowfullscreen=\"1\" loading=\"lazy\"><\/iframe><\/div><\/div><div class=\"w-separator size_huge\"><\/div><\/div><\/div><\/div><\/div><\/div><\/section><section class=\"l-section wpb_row height_auto with_img\"><div class=\"l-section-img\" role=\"img\" aria-label=\"Immagine\" data-img-width=\"1473\" data-img-height=\"999\" style=\"background-image: url(https:\/\/www.stellinigroup.com\/wp-content\/uploads\/2024\/06\/brera-cafe-P.jpg);\"><\/div><div class=\"l-section-overlay\" style=\"background:linear-gradient(355deg,#000000,rgba(0,0,0,0.00))\"><\/div><div class=\"l-section-h i-cf\"><div class=\"g-cols vc_row via_flex valign_bottom type_boxes stacking_default\"><div class=\"vc_col-sm-4 wpb_column vc_column_container\"><div class=\"vc_column-inner\"><div class=\"wpb_wrapper\"><div class=\"w-separator hide_on_mobiles size_custom\" style=\"height:600px\"><\/div><\/div><\/div><\/div><div class=\"vc_col-sm-8 wpb_column vc_column_container\"><div class=\"vc_column-inner\"><div class=\"wpb_wrapper\"><div class=\"w-separator size_huge\"><\/div><div class=\"wpb_text_column us_custom_6df4bc3a has_text_color\"><div class=\"wpb_wrapper\"><h2 style=\"text-align: right;\">Brera Caf\u00e8: un&#8217;oasi di pace in Il trambusto di Milano<\/h2>\n<\/div><\/div><div class=\"w-separator size_small\"><\/div><div class=\"wpb_text_column us_custom_6df4bc3a has_text_color\"><div class=\"wpb_wrapper\"><p style=\"text-align: right;\">Nella nostra esplorazione del quartiere di Brera, il nostro viaggio ci porta all&#8217;Orto Botanico di Brera: un rifugio tranquillo e minuscolo dove sono custodite con cura una moltitudine di piante e fiori. Ci sediamo nel caff\u00e8 vicino e respiriamo la fredda aria mattutina di Milano.<\/p>\n<\/div><\/div><\/div><\/div><\/div><\/div><\/div><\/section><section class=\"l-section wpb_row us_custom_437830f2 height_medium\"><div class=\"l-section-h i-cf\"><div class=\"g-cols vc_row via_flex valign_middle type_default stacking_default\" style=\"--additional-gap:80px;\"><div class=\"vc_col-sm-6 wpb_column vc_column_container\"><div class=\"vc_column-inner us_custom_a9a19b4b\"><div class=\"wpb_wrapper\"><div class=\"w-separator size_small\"><\/div><div class=\"wpb_text_column miniscrittaoro\"><div class=\"wpb_wrapper\"><p>Porte aperte alla bellezza<\/p>\n<\/div><\/div><div class=\"wpb_text_column\"><div class=\"wpb_wrapper\"><h2>Uno stile unico profondamente radicato nella cultura e nella tradizione<\/h2>\n<\/div><\/div><div class=\"w-separator size_small\"><\/div><div class=\"wpb_text_column us_custom_b3bdaacd\"><div class=\"wpb_wrapper\"><p>Con un cenno allo spirito esuberante del quartiere milanese di Brera, noto per la sua arte e creativit\u00e0, questi tessuti ti invitano a intraprendere un viaggio attraverso un&#8217;epoca che celebra sia l&#8217;estro che la raffinatezza.<\/p>\n<\/div><\/div><div class=\"w-separator size_medium\"><\/div><div class=\"w-tabs fisarmonicastyles accordion toggle_style_1\" style=\"--sections-title-size:inherit;--sections-gap:0.5rem;\"><div class=\"w-tabs-sections titles-align_none icon_chevron cpos_right\"><div class=\"w-tabs-section\" id=\"i3fa\"><button type=\"button\" class=\"w-tabs-section-header\" aria-controls=\"content-i3fa\" aria-expanded=\"false\"><div class=\"w-tabs-section-title\">BENVENUTO NEL QUARTIERE DI BRERA<\/div><div class=\"w-tabs-section-control\"><\/div><\/button><div  class=\"w-tabs-section-content\" id=\"content-i3fa\"><div class=\"w-tabs-section-content-h i-cf\"><div class=\"wpb_text_column\"><div class=\"wpb_wrapper\"><p>\u201cPorte aperte alla bellezza: un\u2019atmosfera tradizionale milanese\u201d. Uno stile unico, profondamente radicato nella cultura e nella tradizione, ispirato alla vibrante citt\u00e0 di Milano. Dietro gli edifici sobri e imponenti di questa citt\u00e0, le porte si aprono su affascinanti giardini interni. Una palette di colori vintage di estrema e raffinata eleganza arricchisce gli spazi. <\/p>\n<\/div><\/div><\/div><\/div><\/div><div class=\"w-tabs-section\" id=\"s55d\"><button type=\"button\" class=\"w-tabs-section-header\" aria-controls=\"content-s55d\" aria-expanded=\"false\"><div class=\"w-tabs-section-title\">BRERA IN BREVE<\/div><div class=\"w-tabs-section-control\"><\/div><\/button><div  class=\"w-tabs-section-content\" id=\"content-s55d\"><div class=\"w-tabs-section-content-h i-cf\"><div class=\"wpb_text_column\"><div class=\"wpb_wrapper\"><p>La collezione \u201cBrera\u201d adotta forme geometriche come base per un nuovo approccio al comfort, caratterizzato da curve morbide. Combinando perfettamente estetica e utilit\u00e0, questa collezione stabilisce un nuovo punto di riferimento per l\u2019abitare moderno, offrendo un\u2019esperienza coinvolgente che cattura e soddisfa i sensi. <\/p>\n<\/div><\/div><\/div><\/div><\/div><div class=\"w-tabs-section\" id=\"s6b5\"><button type=\"button\" class=\"w-tabs-section-header\" aria-controls=\"content-s6b5\" aria-expanded=\"false\"><div class=\"w-tabs-section-title\">SULLE INFLUENZE<\/div><div class=\"w-tabs-section-control\"><\/div><\/button><div  class=\"w-tabs-section-content\" id=\"content-s6b5\"><div class=\"w-tabs-section-content-h i-cf\"><div class=\"wpb_text_column\"><div class=\"wpb_wrapper\"><p>La collezione Brera riprende diverse correnti di stile ispirate alle ultime tendenze previste per il 2024: Dal Glamour Vintage al Futurismo Retr\u00f2, le forme geometriche con un&#8217;influenza retr\u00f2 italiana si fondono con tessuti originali realizzati con grande attenzione alla qualit\u00e0 e sviluppati con vantaggi tecnici.<\/p>\n<\/div><\/div><\/div><\/div><\/div><div class=\"w-tabs-section\" id=\"t80c\"><button type=\"button\" class=\"w-tabs-section-header\" aria-controls=\"content-t80c\" aria-expanded=\"false\"><div class=\"w-tabs-section-title\">FOCUS: \u201cVintage Glamour\u201d<\/div><div class=\"w-tabs-section-control\"><\/div><\/button><div  class=\"w-tabs-section-content\" id=\"content-t80c\"><div class=\"w-tabs-section-content-h i-cf\"><div class=\"wpb_text_column\"><div class=\"wpb_wrapper\"><p>Il Vintage Glamour \u00e8 uno stile che denota eleganza e lusso con un tocco di nostalgia. Si tratta di incorporare elementi classici e glamour con pezzi moderni per creare un look senza tempo. <\/p>\n<\/div><\/div><\/div><\/div><\/div><\/div><\/div><\/div><\/div><\/div><div class=\"vc_col-sm-6 wpb_column vc_column_container\"><div class=\"vc_column-inner\"><div class=\"wpb_wrapper\"><div class=\"w-image us_custom_b64a6e72 imgfullwidth has_ratio align_none\"><div class=\"w-image-h\"><div style=\"padding-bottom:100%\"><\/div><img decoding=\"async\" width=\"554\" height=\"556\" src=\"https:\/\/www.stellinigroup.com\/wp-content\/uploads\/2024\/05\/Brera_Cafe_Collection.png\" class=\"attachment-large size-large\" alt=\"\" loading=\"lazy\" \/><\/div><\/div><\/div><\/div><\/div><\/div><\/div><\/section><section class=\"l-section wpb_row height_auto\"><div class=\"l-section-h i-cf\"><div class=\"g-cols vc_row via_flex valign_top type_boxes stacking_default\"><div class=\"vc_col-sm-12 wpb_column vc_column_container\"><div class=\"vc_column-inner us_custom_4af741be\"><div class=\"wpb_wrapper\"><div class=\"w-image imgfullwidth align_center\"><div class=\"w-image-h\"><img decoding=\"async\" width=\"2560\" height=\"1439\" src=\"https:\/\/www.stellinigroup.com\/wp-content\/uploads\/2024\/06\/stellini-group-brera-cafe-preview-scaled.jpg\" class=\"attachment-full size-full\" alt=\"\" loading=\"lazy\" srcset=\"https:\/\/www.stellinigroup.com\/wp-content\/uploads\/2024\/06\/stellini-group-brera-cafe-preview-scaled.jpg 2560w, https:\/\/www.stellinigroup.com\/wp-content\/uploads\/2024\/06\/stellini-group-brera-cafe-preview-300x169.jpg 300w, https:\/\/www.stellinigroup.com\/wp-content\/uploads\/2024\/06\/stellini-group-brera-cafe-preview-1024x576.jpg 1024w, https:\/\/www.stellinigroup.com\/wp-content\/uploads\/2024\/06\/stellini-group-brera-cafe-preview-70x39.jpg 70w, https:\/\/www.stellinigroup.com\/wp-content\/uploads\/2024\/06\/stellini-group-brera-cafe-preview-40x22.jpg 40w\" sizes=\"auto, (max-width: 2560px) 100vw, 2560px\" \/><\/div><\/div><\/div><\/div><\/div><\/div><\/div><\/section><section class=\"l-section wpb_row us_custom_715de085 height_huge\"><div class=\"l-section-h i-cf\"><div class=\"g-cols vc_row via_flex valign_middle type_default stacking_default\"><div class=\"vc_col-sm-12 wpb_column vc_column_container\"><div class=\"vc_column-inner\"><div class=\"wpb_wrapper\"><div class=\"wpb_text_column us_custom_6df4bc3a has_text_color\"><div class=\"wpb_wrapper\"><h2 style=\"text-align: center;\">Avete bisogno di ulteriori informazioni?<\/h2>\n<\/div><\/div><div class=\"w-separator size_small\"><\/div><div class=\"wpb_text_column us_custom_6df4bc3a has_text_color\"><div class=\"wpb_wrapper\"><p style=\"text-align: center;\">Scarica la brochure e rimani aggiornato<\/p>\n<\/div><\/div><div class=\"w-separator size_medium\"><\/div><div class=\"w-btn-wrapper align_center\"><a class=\"w-btn us-btn-style_3 icon_atright\" target=\"_blank\" href=\"\/wp-content\/uploads\/2024\/05\/BRERACAFE-CATALOGO-Stellini-024-219285.pdf\"><span class=\"w-btn-label\">Scarica il catalogo in anteprima<\/span><i class=\"fas fa-arrow-to-bottom\"><\/i><\/a><\/div><\/div><\/div><\/div><\/div><\/div><\/section><section class=\"l-section wpb_row us_custom_e42d1eb9 height_medium\"><div class=\"l-section-h i-cf\"><div class=\"g-cols vc_row via_flex valign_top type_default stacking_default\"><div class=\"vc_col-sm-12 wpb_column vc_column_container\"><div class=\"vc_column-inner\"><div class=\"wpb_wrapper\"><div class=\"wpb_text_column miniscrittaoro\"><div class=\"wpb_wrapper\"><p style=\"text-align: center;\">Esplorare<\/p>\n<\/div><\/div><div class=\"wpb_text_column\"><div class=\"wpb_wrapper\"><h2 style=\"text-align: center;\">Applicazione del prodotto<\/h2>\n<\/div><\/div><div class=\"w-separator size_small\"><\/div><div class=\"wpb_text_column\"><div class=\"wpb_wrapper\"><p style=\"text-align: center;\">I tessuti della Collezione Brera Caf\u00e8 possono essere utilizzati per diversi scopi.<\/p>\n<\/div><\/div><div class=\"w-separator size_medium\"><\/div><div class=\"g-cols wpb_row via_flex valign_top type_default stacking_default\"><div class=\"vc_col-sm-4 wpb_column vc_column_container\"><div class=\"vc_column-inner\"><div class=\"wpb_wrapper\"><div class=\"w-image align_none\"><div class=\"w-image-h\"><img decoding=\"async\" width=\"70\" height=\"70\" src=\"https:\/\/www.stellinigroup.com\/wp-content\/uploads\/2024\/05\/materasso-ico.svg\" class=\"attachment-us_70_70 size-us_70_70\" alt=\"\" loading=\"lazy\" \/><\/div><\/div><div class=\"w-separator size_custom\" style=\"height:20px\"><\/div><div class=\"wpb_text_column us_custom_846bfae7 has_text_color\"><div class=\"wpb_wrapper\"><p>Tessuti e componenti per materassi<\/p>\n<\/div><\/div><\/div><\/div><\/div><div class=\"vc_col-sm-4 wpb_column vc_column_container\"><div class=\"vc_column-inner\"><div class=\"wpb_wrapper\"><div class=\"w-image align_none\"><div class=\"w-image-h\"><img decoding=\"async\" width=\"70\" height=\"70\" src=\"https:\/\/www.stellinigroup.com\/wp-content\/uploads\/2024\/05\/sofa-ico.svg\" class=\"attachment-us_70_70 size-us_70_70\" alt=\"\" loading=\"lazy\" \/><\/div><\/div><div class=\"w-separator size_custom\" style=\"height:20px\"><\/div><div class=\"wpb_text_column us_custom_846bfae7 has_text_color\"><div class=\"wpb_wrapper\"><p>Basi letto, sommiers<\/p>\n<\/div><\/div><\/div><\/div><\/div><div class=\"vc_col-sm-4 wpb_column vc_column_container\"><div class=\"vc_column-inner\"><div class=\"wpb_wrapper\"><div class=\"w-image align_none\"><div class=\"w-image-h\"><img decoding=\"async\" width=\"70\" height=\"70\" src=\"https:\/\/www.stellinigroup.com\/wp-content\/uploads\/2024\/05\/cuscini-ico.svg\" class=\"attachment-us_70_70 size-us_70_70\" alt=\"\" loading=\"lazy\" \/><\/div><\/div><div class=\"w-separator size_custom\" style=\"height:20px\"><\/div><div class=\"wpb_text_column us_custom_846bfae7 has_text_color\"><div class=\"wpb_wrapper\"><p>Tessuti e accessori per la casa<\/p>\n<\/div><\/div><\/div><\/div><\/div><\/div><div class=\"w-separator size_huge\"><\/div><\/div><\/div><\/div><\/div><\/div><\/section><section class=\"l-section wpb_row height_large\"><div class=\"l-section-h i-cf\"><div class=\"g-cols vc_row via_flex valign_top type_default stacking_default\"><div class=\"vc_col-sm-12 wpb_column vc_column_container\"><div class=\"vc_column-inner\"><div class=\"wpb_wrapper\"><div class=\"wpb_text_column\"><div class=\"wpb_wrapper\"><h2 style=\"text-align: center;\">Vantaggi dello stile Brera<\/h2>\n<\/div><\/div><div class=\"w-separator size_small\"><\/div><div class=\"g-cols wpb_row hide_on_tablets hide_on_mobiles via_flex valign_top type_boxes stacking_default\"><div class=\"vc_col-sm-6 wpb_column vc_column_container\"><div class=\"vc_column-inner us_custom_e038e7e6\"><div class=\"wpb_wrapper\"><div class=\"w-hwrapper valign_middle align_none\" style=\"--hwrapper-gap:50px\"><div class=\"wpb_text_column us_custom_e8d800dc has_text_color\"><div class=\"wpb_wrapper\"><p>.1<\/p>\n<\/div><\/div><div class=\"wpb_text_column us_custom_d776d5f8 has_text_color\"><div class=\"wpb_wrapper\"><p>Offrendo uno stile unico e senza tempo che si distingue sul mercato<\/p>\n<\/div><\/div><\/div><div class=\"w-separator size_medium\"><\/div><div class=\"w-hwrapper valign_middle align_none\" style=\"--hwrapper-gap:50px\"><div class=\"wpb_text_column us_custom_e8d800dc has_text_color\"><div class=\"wpb_wrapper\"><p>.3<\/p>\n<\/div><\/div><div class=\"wpb_text_column us_custom_d776d5f8 has_text_color\"><div class=\"wpb_wrapper\"><p>Attirare i clienti che cercano un&#8217;estetica sofisticata e lussuosa.<\/p>\n<\/div><\/div><\/div><\/div><\/div><\/div><div class=\"vc_col-sm-6 wpb_column vc_column_container\"><div class=\"vc_column-inner\"><div class=\"wpb_wrapper\"><div class=\"w-hwrapper valign_middle align_none\" style=\"--hwrapper-gap:50px\"><div class=\"wpb_text_column us_custom_e8d800dc has_text_color\"><div class=\"wpb_wrapper\"><p>.2<\/p>\n<\/div><\/div><div class=\"wpb_text_column us_custom_d776d5f8 has_text_color\"><div class=\"wpb_wrapper\"><p>Fornire versatilit\u00e0 nel design fondendo elementi classici e moderni.<\/p>\n<\/div><\/div><\/div><div class=\"w-separator size_medium\"><\/div><div class=\"w-hwrapper valign_middle align_none\" style=\"--hwrapper-gap:50px\"><div class=\"wpb_text_column us_custom_e8d800dc has_text_color\"><div class=\"wpb_wrapper\"><p>.4<\/p>\n<\/div><\/div><div class=\"wpb_text_column us_custom_d776d5f8 has_text_color\"><div class=\"wpb_wrapper\"><p>Approfittando delle tendenze dei modelli del 2024 che includono Art D\u00e9co e accenni di estetica retr\u00f2.<\/p>\n<\/div><\/div><\/div><\/div><\/div><\/div><\/div><div class=\"g-cols wpb_row hide_on_default hide_on_laptops via_flex valign_top type_boxes stacking_default\"><div class=\"vc_col-sm-12 wpb_column vc_column_container\"><div class=\"vc_column-inner us_custom_e038e7e6\"><div class=\"wpb_wrapper\"><div class=\"w-hwrapper valign_middle align_none\" style=\"--hwrapper-gap:50px\"><div class=\"wpb_text_column us_custom_e8d800dc has_text_color\"><div class=\"wpb_wrapper\"><p>.1<\/p>\n<\/div><\/div><div class=\"wpb_text_column us_custom_d776d5f8 has_text_color\"><div class=\"wpb_wrapper\"><p>Offrendo uno stile unico e senza tempo che si distingue sul mercato<\/p>\n<\/div><\/div><\/div><div class=\"w-separator size_medium\"><\/div><div class=\"w-hwrapper valign_middle align_none\" style=\"--hwrapper-gap:50px\"><div class=\"wpb_text_column us_custom_e8d800dc has_text_color\"><div class=\"wpb_wrapper\"><p>.2<\/p>\n<\/div><\/div><div class=\"wpb_text_column us_custom_d776d5f8 has_text_color\"><div class=\"wpb_wrapper\"><p>Providing versatility in design by blending classic and modern elements.<\/p>\n<\/div><\/div><\/div><div class=\"w-separator size_medium\"><\/div><div class=\"w-hwrapper valign_middle align_none\" style=\"--hwrapper-gap:50px\"><div class=\"wpb_text_column us_custom_e8d800dc has_text_color\"><div class=\"wpb_wrapper\"><p>.3<\/p>\n<\/div><\/div><div class=\"wpb_text_column us_custom_d776d5f8 has_text_color\"><div class=\"wpb_wrapper\"><p>Attirare i clienti che cercano un&#8217;estetica sofisticata e lussuosa.<\/p>\n<\/div><\/div><\/div><div class=\"w-separator size_medium\"><\/div><div class=\"w-hwrapper valign_middle align_none\" style=\"--hwrapper-gap:50px\"><div class=\"wpb_text_column us_custom_e8d800dc has_text_color\"><div class=\"wpb_wrapper\"><p>.4<\/p>\n<\/div><\/div><div class=\"wpb_text_column us_custom_d776d5f8 has_text_color\"><div class=\"wpb_wrapper\"><p>Approfittando delle tendenze dei modelli del 2024 che includono Art D\u00e9co e accenni di estetica retr\u00f2.<\/p>\n<\/div><\/div><\/div><\/div><\/div><\/div><\/div><div class=\"w-separator size_small\"><\/div><\/div><\/div><\/div><\/div><\/div><\/section>\n","protected":false},"excerpt":{"rendered":"Brera Caf\u00e8 Visualizza il catalogo in anteprima Vi presentiamo il Brera Caf\u00e9 Una svolta verso il colore nella collezione Brera Brera Caf\u00e9 rappresenta il nostro continuo viaggio nella produzione di materassi e tessuti per la casa di alta qualit\u00e0 ispirati all&#8217;estetica vintage, con squisiti tessuti jacquard e a maglia realizzati con filati naturali e misti....","protected":false},"author":1,"featured_media":0,"parent":0,"menu_order":0,"comment_status":"closed","ping_status":"closed","template":"","meta":{"_acf_changed":false,"footnotes":""},"class_list":["post-3865","page","type-page","status-publish","hentry"],"acf":[],"yoast_head":"<!-- This site is optimized with the Yoast SEO plugin v28.1 - https:\/\/yoast.com\/product\/yoast-seo-wordpress\/ -->\n<title>Brera Caf\u00e8 - Stellini Group<\/title>\n<meta name=\"robots\" content=\"index, follow, max-snippet:-1, max-image-preview:large, max-video-preview:-1\" \/>\n<link rel=\"canonical\" href=\"https:\/\/www.stellinigroup.com\/it\/brera-cafe\/\" \/>\n<meta property=\"og:locale\" content=\"it_IT\" \/>\n<meta property=\"og:type\" content=\"article\" \/>\n<meta property=\"og:title\" content=\"Brera Caf\u00e8 - Stellini Group\" \/>\n<meta property=\"og:url\" content=\"https:\/\/www.stellinigroup.com\/it\/brera-cafe\/\" \/>\n<meta property=\"og:site_name\" content=\"Stellini Group\" \/>\n<meta property=\"article:modified_time\" content=\"2025-02-19T08:59:02+00:00\" \/>\n<meta name=\"twitter:card\" content=\"summary_large_image\" \/>\n<meta name=\"twitter:label1\" content=\"Tempo di lettura stimato\" \/>\n\t<meta name=\"twitter:data1\" content=\"4 minuti\" \/>\n<script type=\"application\/ld+json\" class=\"yoast-schema-graph\">{\"@context\":\"https:\\\/\\\/schema.org\",\"@graph\":[{\"@type\":\"WebPage\",\"@id\":\"https:\\\/\\\/www.stellinigroup.com\\\/it\\\/brera-cafe\\\/\",\"url\":\"https:\\\/\\\/www.stellinigroup.com\\\/it\\\/brera-cafe\\\/\",\"name\":\"Brera Caf\u00e8 - Stellini Group\",\"isPartOf\":{\"@id\":\"https:\\\/\\\/www.stellinigroup.com\\\/it\\\/#website\"},\"datePublished\":\"2024-07-29T09:30:21+00:00\",\"dateModified\":\"2025-02-19T08:59:02+00:00\",\"breadcrumb\":{\"@id\":\"https:\\\/\\\/www.stellinigroup.com\\\/it\\\/brera-cafe\\\/#breadcrumb\"},\"inLanguage\":\"it-IT\",\"potentialAction\":[{\"@type\":\"ReadAction\",\"target\":[\"https:\\\/\\\/www.stellinigroup.com\\\/it\\\/brera-cafe\\\/\"]}]},{\"@type\":\"BreadcrumbList\",\"@id\":\"https:\\\/\\\/www.stellinigroup.com\\\/it\\\/brera-cafe\\\/#breadcrumb\",\"itemListElement\":[{\"@type\":\"ListItem\",\"position\":1,\"name\":\"Home\",\"item\":\"https:\\\/\\\/www.stellinigroup.com\\\/\"},{\"@type\":\"ListItem\",\"position\":2,\"name\":\"Brera Caf\u00e8\"}]},{\"@type\":\"WebSite\",\"@id\":\"https:\\\/\\\/www.stellinigroup.com\\\/it\\\/#website\",\"url\":\"https:\\\/\\\/www.stellinigroup.com\\\/it\\\/\",\"name\":\"Stellini Group\",\"description\":\"\",\"potentialAction\":[{\"@type\":\"SearchAction\",\"target\":{\"@type\":\"EntryPoint\",\"urlTemplate\":\"https:\\\/\\\/www.stellinigroup.com\\\/it\\\/?s={search_term_string}\"},\"query-input\":{\"@type\":\"PropertyValueSpecification\",\"valueRequired\":true,\"valueName\":\"search_term_string\"}}],\"inLanguage\":\"it-IT\"}]}<\/script>\n<!-- \/ Yoast SEO plugin. -->","yoast_head_json":{"title":"Brera Caf\u00e8 - Stellini Group","robots":{"index":"index","follow":"follow","max-snippet":"max-snippet:-1","max-image-preview":"max-image-preview:large","max-video-preview":"max-video-preview:-1"},"canonical":"https:\/\/www.stellinigroup.com\/it\/brera-cafe\/","og_locale":"it_IT","og_type":"article","og_title":"Brera Caf\u00e8 - Stellini Group","og_url":"https:\/\/www.stellinigroup.com\/it\/brera-cafe\/","og_site_name":"Stellini Group","article_modified_time":"2025-02-19T08:59:02+00:00","twitter_card":"summary_large_image","twitter_misc":{"Tempo di lettura stimato":"4 minuti"},"schema":{"@context":"https:\/\/schema.org","@graph":[{"@type":"WebPage","@id":"https:\/\/www.stellinigroup.com\/it\/brera-cafe\/","url":"https:\/\/www.stellinigroup.com\/it\/brera-cafe\/","name":"Brera Caf\u00e8 - Stellini Group","isPartOf":{"@id":"https:\/\/www.stellinigroup.com\/it\/#website"},"datePublished":"2024-07-29T09:30:21+00:00","dateModified":"2025-02-19T08:59:02+00:00","breadcrumb":{"@id":"https:\/\/www.stellinigroup.com\/it\/brera-cafe\/#breadcrumb"},"inLanguage":"it-IT","potentialAction":[{"@type":"ReadAction","target":["https:\/\/www.stellinigroup.com\/it\/brera-cafe\/"]}]},{"@type":"BreadcrumbList","@id":"https:\/\/www.stellinigroup.com\/it\/brera-cafe\/#breadcrumb","itemListElement":[{"@type":"ListItem","position":1,"name":"Home","item":"https:\/\/www.stellinigroup.com\/"},{"@type":"ListItem","position":2,"name":"Brera Caf\u00e8"}]},{"@type":"WebSite","@id":"https:\/\/www.stellinigroup.com\/it\/#website","url":"https:\/\/www.stellinigroup.com\/it\/","name":"Stellini Group","description":"","potentialAction":[{"@type":"SearchAction","target":{"@type":"EntryPoint","urlTemplate":"https:\/\/www.stellinigroup.com\/it\/?s={search_term_string}"},"query-input":{"@type":"PropertyValueSpecification","valueRequired":true,"valueName":"search_term_string"}}],"inLanguage":"it-IT"}]}},"_links":{"self":[{"href":"https:\/\/www.stellinigroup.com\/it\/wp-json\/wp\/v2\/pages\/3865","targetHints":{"allow":["GET"]}}],"collection":[{"href":"https:\/\/www.stellinigroup.com\/it\/wp-json\/wp\/v2\/pages"}],"about":[{"href":"https:\/\/www.stellinigroup.com\/it\/wp-json\/wp\/v2\/types\/page"}],"author":[{"embeddable":true,"href":"https:\/\/www.stellinigroup.com\/it\/wp-json\/wp\/v2\/users\/1"}],"replies":[{"embeddable":true,"href":"https:\/\/www.stellinigroup.com\/it\/wp-json\/wp\/v2\/comments?post=3865"}],"version-history":[{"count":3,"href":"https:\/\/www.stellinigroup.com\/it\/wp-json\/wp\/v2\/pages\/3865\/revisions"}],"predecessor-version":[{"id":5160,"href":"https:\/\/www.stellinigroup.com\/it\/wp-json\/wp\/v2\/pages\/3865\/revisions\/5160"}],"wp:attachment":[{"href":"https:\/\/www.stellinigroup.com\/it\/wp-json\/wp\/v2\/media?parent=3865"}],"curies":[{"name":"wp","href":"https:\/\/api.w.org\/{rel}","templated":true}]}}